{"id":903,"date":"2021-11-17T13:10:32","date_gmt":"2021-11-17T13:10:32","guid":{"rendered":"https:\/\/www.defensorianinez.cl\/informe-anual-2021\/?page_id=903"},"modified":"2021-12-02T19:44:43","modified_gmt":"2021-12-02T19:44:43","slug":"creditos","status":"publish","type":"page","link":"https:\/\/www.defensorianinez.cl\/informe-anual-2021\/creditos\/","title":{"rendered":"Cr\u00e9ditos"},"content":{"rendered":"\t\t<div data-elementor-type=\"wp-page\" data-elementor-id=\"903\" class=\"elementor elementor-903\">\n\t\t\t\t\t\t<section class=\"elementor-section elementor-top-section elementor-element elementor-element-623e851 elementor-section-content-middle elementor-section-boxed elementor-section-height-default elementor-section-height-default\" data-id=\"623e851\" data-element_type=\"section\" data-e-type=\"section\" data-settings=\"{&quot;background_background&quot;:&quot;classic&quot;}\">\n\t\t\t\t\t\t<div class=\"elementor-container elementor-column-gap-default\">\n\t\t\t\t\t<div class=\"elementor-column elementor-col-100 elementor-top-column elementor-element elementor-element-e49062d\" data-id=\"e49062d\" data-element_type=\"column\" data-e-type=\"column\">\n\t\t\t<div class=\"elementor-widget-wrap elementor-element-populated\">\n\t\t\t\t\t\t<div class=\"elementor-element elementor-element-530ae76 elementor-widget elementor-widget-spacer\" data-id=\"530ae76\" data-element_type=\"widget\" data-e-type=\"widget\" data-widget_type=\"spacer.default\">\n\t\t\t\t<div class=\"elementor-widget-container\">\n\t\t\t\t\t\t\t<div class=\"elementor-spacer\">\n\t\t\t<div class=\"elementor-spacer-inner\"><\/div>\n\t\t<\/div>\n\t\t\t\t\t\t<\/div>\n\t\t\t\t<\/div>\n\t\t\t\t<section class=\"elementor-section elementor-inner-section elementor-element elementor-element-79770cd elementor-section-full_width elementor-section-content-middle elementor-section-height-default elementor-section-height-default\" data-id=\"79770cd\" data-element_type=\"section\" data-e-type=\"section\">\n\t\t\t\t\t\t<div class=\"elementor-container elementor-column-gap-default\">\n\t\t\t\t\t<div class=\"elementor-column elementor-col-50 elementor-inner-column elementor-element elementor-element-8b6fb6f\" data-id=\"8b6fb6f\" data-element_type=\"column\" data-e-type=\"column\">\n\t\t\t<div class=\"elementor-widget-wrap elementor-element-populated\">\n\t\t\t\t\t\t<div class=\"elementor-element elementor-element-dbdb904 elementor-widget elementor-widget-text-editor\" data-id=\"dbdb904\" data-element_type=\"widget\" data-e-type=\"widget\" data-widget_type=\"text-editor.default\">\n\t\t\t\t<div class=\"elementor-widget-container\">\n\t\t\t\t\t\t\t\t\t<h1><span style=\"color: #ffffff;\">Cr\u00e9ditos<\/span><\/h1>\t\t\t\t\t\t\t\t<\/div>\n\t\t\t\t<\/div>\n\t\t\t\t\t<\/div>\n\t\t<\/div>\n\t\t\t\t<div class=\"elementor-column elementor-col-50 elementor-inner-column elementor-element elementor-element-c30c506\" data-id=\"c30c506\" data-element_type=\"column\" data-e-type=\"column\">\n\t\t\t<div class=\"elementor-widget-wrap\">\n\t\t\t\t\t\t\t<\/div>\n\t\t<\/div>\n\t\t\t\t\t<\/div>\n\t\t<\/section>\n\t\t\t\t\t<\/div>\n\t\t<\/div>\n\t\t\t\t\t<\/div>\n\t\t<\/section>\n\t\t\t\t<section class=\"elementor-section elementor-top-section elementor-element elementor-element-a277cf0 elementor-section-full_width elementor-section-height-default elementor-section-height-default\" data-id=\"a277cf0\" data-element_type=\"section\" data-e-type=\"section\">\n\t\t\t\t\t\t<div class=\"elementor-container elementor-column-gap-default\">\n\t\t\t\t\t<div class=\"elementor-column elementor-col-100 elementor-top-column elementor-element elementor-element-496e032\" data-id=\"496e032\" data-element_type=\"column\" data-e-type=\"column\">\n\t\t\t<div class=\"elementor-widget-wrap elementor-element-populated\">\n\t\t\t\t\t\t<div class=\"elementor-element elementor-element-61b9a11 elementor-widget elementor-widget-image\" data-id=\"61b9a11\" data-element_type=\"widget\" data-e-type=\"widget\" data-widget_type=\"image.default\">\n\t\t\t\t<div class=\"elementor-widget-container\">\n\t\t\t\t\t\t\t\t\t\t\t\t\t\t\t<img decoding=\"async\" width=\"640\" height=\"57\" src=\"https:\/\/www.defensorianinez.cl\/informe-anual-2021\/wp-content\/uploads\/2021\/10\/02.png\" class=\"attachment-large size-large wp-image-24\" alt=\"\" srcset=\"https:\/\/www.defensorianinez.cl\/informe-anual-2021\/wp-content\/uploads\/2021\/10\/02.png 922w, https:\/\/www.defensorianinez.cl\/informe-anual-2021\/wp-content\/uploads\/2021\/10\/02-300x27.png 300w, https:\/\/www.defensorianinez.cl\/informe-anual-2021\/wp-content\/uploads\/2021\/10\/02-768x68.png 768w\" sizes=\"(max-width: 640px) 100vw, 640px\" \/>\t\t\t\t\t\t\t\t\t\t\t\t\t\t\t<\/div>\n\t\t\t\t<\/div>\n\t\t\t\t\t<\/div>\n\t\t<\/div>\n\t\t\t\t\t<\/div>\n\t\t<\/section>\n\t\t\t\t<section class=\"elementor-section elementor-top-section elementor-element elementor-element-9c5c943 elementor-section-boxed elementor-section-height-default elementor-section-height-default\" data-id=\"9c5c943\" data-element_type=\"section\" data-e-type=\"section\">\n\t\t\t\t\t\t<div class=\"elementor-container elementor-column-gap-default\">\n\t\t\t\t\t<div class=\"elementor-column elementor-col-100 elementor-top-column elementor-element elementor-element-d2c2779\" data-id=\"d2c2779\" data-element_type=\"column\" data-e-type=\"column\">\n\t\t\t<div class=\"elementor-widget-wrap elementor-element-populated\">\n\t\t\t\t\t\t<div class=\"elementor-element elementor-element-e34baa8 elementor-widget elementor-widget-text-editor\" data-id=\"e34baa8\" data-element_type=\"widget\" data-e-type=\"widget\" data-widget_type=\"text-editor.default\">\n\t\t\t\t<div class=\"elementor-widget-container\">\n\t\t\t\t\t\t\t\t\t<h5 style=\"text-align: center;\"><strong>INFORME ANUAL 2021<\/strong><\/h5><p style=\"text-align: center;\">DERECHOS HUMANOS DE NI\u00d1OS, NI\u00d1AS Y ADOLESCENTES EN CHILE<\/p><p style=\"text-align: center;\">DEFENSOR\u00cdA DE LOS DERECHOS DE LA NI\u00d1EZ<\/p><p>\u00a0<\/p><p style=\"text-align: center;\"><strong>Defensora de la Ni\u00f1ez<\/strong><\/p><p style=\"text-align: center;\">Patricia Mu\u00f1oz Garc\u00eda<\/p><p>\u00a0<\/p><p style=\"text-align: center;\"><strong>Coordinaci\u00f3n y edici\u00f3n general\u00a0<\/strong><\/p><p style=\"text-align: center;\">Victoria Becerra Osses<\/p><p>\u00a0<\/p><p style=\"text-align: center;\"><strong>Edici\u00f3n de contenidos\u00a0<\/strong><\/p><p style=\"text-align: center;\">Claudia Farf\u00e1n Escobar<\/p><p style=\"text-align: center;\">Pamela Mel\u00e9ndez Madariaga<\/p>\t\t\t\t\t\t\t\t<\/div>\n\t\t\t\t<\/div>\n\t\t\t\t\t<\/div>\n\t\t<\/div>\n\t\t\t\t\t<\/div>\n\t\t<\/section>\n\t\t\t\t<section class=\"elementor-section elementor-top-section elementor-element elementor-element-3029c67 elementor-section-boxed elementor-section-height-default elementor-section-height-default\" data-id=\"3029c67\" data-element_type=\"section\" data-e-type=\"section\" data-settings=\"{&quot;background_background&quot;:&quot;classic&quot;}\">\n\t\t\t\t\t\t<div class=\"elementor-container elementor-column-gap-default\">\n\t\t\t\t\t<div class=\"elementor-column elementor-col-100 elementor-top-column elementor-element elementor-element-c599bab\" data-id=\"c599bab\" data-element_type=\"column\" data-e-type=\"column\">\n\t\t\t<div class=\"elementor-widget-wrap elementor-element-populated\">\n\t\t\t\t\t\t<section class=\"elementor-section elementor-inner-section elementor-element elementor-element-cd69373 elementor-section-boxed elementor-section-height-default elementor-section-height-default\" data-id=\"cd69373\" data-element_type=\"section\" data-e-type=\"section\">\n\t\t\t\t\t\t<div class=\"elementor-container elementor-column-gap-default\">\n\t\t\t\t\t<div class=\"elementor-column elementor-col-100 elementor-inner-column elementor-element elementor-element-1a05b92\" data-id=\"1a05b92\" data-element_type=\"column\" data-e-type=\"column\">\n\t\t\t<div class=\"elementor-widget-wrap elementor-element-populated\">\n\t\t\t\t\t\t<div class=\"elementor-element elementor-element-ee20d8b elementor-widget elementor-widget-text-editor\" data-id=\"ee20d8b\" data-element_type=\"widget\" data-e-type=\"widget\" data-widget_type=\"text-editor.default\">\n\t\t\t\t<div class=\"elementor-widget-container\">\n\t\t\t\t\t\t\t\t\t<p style=\"text-align: center;\"><strong>Equipo de redacci\u00f3n de la Defensor\u00eda de la Ni\u00f1ez<\/strong><\/p>\t\t\t\t\t\t\t\t<\/div>\n\t\t\t\t<\/div>\n\t\t\t\t\t<\/div>\n\t\t<\/div>\n\t\t\t\t\t<\/div>\n\t\t<\/section>\n\t\t\t\t<section class=\"elementor-section elementor-inner-section elementor-element elementor-element-fffaea1 elementor-section-boxed elementor-section-height-default elementor-section-height-default\" data-id=\"fffaea1\" data-element_type=\"section\" data-e-type=\"section\">\n\t\t\t\t\t\t<div class=\"elementor-container elementor-column-gap-default\">\n\t\t\t\t\t<div class=\"elementor-column elementor-col-50 elementor-inner-column elementor-element elementor-element-7f28fc8\" data-id=\"7f28fc8\" data-element_type=\"column\" data-e-type=\"column\">\n\t\t\t<div class=\"elementor-widget-wrap elementor-element-populated\">\n\t\t\t\t\t\t<div class=\"elementor-element elementor-element-2c01d33 elementor-widget elementor-widget-text-editor\" data-id=\"2c01d33\" data-element_type=\"widget\" data-e-type=\"widget\" data-widget_type=\"text-editor.default\">\n\t\t\t\t<div class=\"elementor-widget-container\">\n\t\t\t\t\t\t\t\t\t<p dir=\"ltr\" style=\"text-align: center;\"><strong>Cuenta P\u00fablica<\/strong><\/p><p dir=\"ltr\" style=\"text-align: center;\">Claudia Farf\u00e1n Escobar\u00a0<\/p><p dir=\"ltr\">\u00a0<\/p><p dir=\"ltr\" style=\"text-align: center;\"><strong>La participaci\u00f3n de ni\u00f1os, ni\u00f1as y adolescentes: un imperativo para el proceso constituyente:<\/strong><\/p><p style=\"text-align: center;\">Waleska Abah-Sahada Lues<\/p><p style=\"text-align: center;\">Gabriel Guzm\u00e1n Riquelme<\/p><p style=\"text-align: center;\">Paula Moreno Valenzuela\u00a0<\/p><p>\u00a0<\/p><p style=\"text-align: center;\"><strong>Datos internos y fuentes secundarias (panor\u00e1mica infancia y adolescencia, y bajo el cuidado del Estado)<\/strong><\/p><p dir=\"ltr\" style=\"text-align: center;\">Gabriel Guzm\u00e1n Riquelme\u00a0<\/p><p dir=\"ltr\" style=\"text-align: center;\">Hermann Schwaderer Z\u00fa\u00f1iga<\/p><p dir=\"ltr\">\u00a0<\/p><p dir=\"ltr\" style=\"text-align: center;\"><strong>Los primeros mil d\u00edas: situaci\u00f3n de los derechos de ni\u00f1as y ni\u00f1os de 0-3 a\u00f1os en Chile\u00a0<\/strong><\/p><p dir=\"ltr\" style=\"text-align: center;\">Pamela Mel\u00e9ndez Madariaga<\/p><p dir=\"ltr\" style=\"text-align: center;\">Francisca Parra Rebolledo<\/p><p class=\"p1\" style=\"text-align: center;\">Colaboradoras PUC:<\/p><p class=\"p1\" style=\"text-align: center;\">Mar\u00eda P\u00eda Santelices \u00c1lvarez<\/p><p class=\"p1\" style=\"text-align: center;\">Marcela Aracena \u00c1lvarez<\/p><p class=\"p1\" style=\"text-align: center;\">Equipo centro CUIDA<span class=\"Apple-converted-space\">\u00a0<\/span><\/p><p dir=\"ltr\">\u00a0<\/p><p dir=\"ltr\" style=\"text-align: center;\"><strong>Situaci\u00f3n de derechos de ni\u00f1os, ni\u00f1as y adolescentes bajo el cuidado del Estado<\/strong><\/p><p dir=\"ltr\" style=\"text-align: center;\">Mar\u00eda Jos\u00e9 Jara Leiva<\/p><p dir=\"ltr\" style=\"text-align: center;\">Sof\u00eda Stutzin Vallejos<\/p>\t\t\t\t\t\t\t\t<\/div>\n\t\t\t\t<\/div>\n\t\t\t\t\t<\/div>\n\t\t<\/div>\n\t\t\t\t<div class=\"elementor-column elementor-col-50 elementor-inner-column elementor-element elementor-element-a89fae5\" data-id=\"a89fae5\" data-element_type=\"column\" data-e-type=\"column\">\n\t\t\t<div class=\"elementor-widget-wrap elementor-element-populated\">\n\t\t\t\t\t\t<div class=\"elementor-element elementor-element-748750d elementor-widget elementor-widget-text-editor\" data-id=\"748750d\" data-element_type=\"widget\" data-e-type=\"widget\" data-widget_type=\"text-editor.default\">\n\t\t\t\t<div class=\"elementor-widget-container\">\n\t\t\t\t\t\t\t\t\t<p dir=\"ltr\" style=\"text-align: center;\"><strong>Crecer en instituciones: primera infancia en residencias de protecci\u00f3n y en c\u00e1rceles<\/strong><\/p><p dir=\"ltr\" style=\"text-align: center;\">Mar\u00eda Jos\u00e9 Jara Leiva<\/p><p dir=\"ltr\" style=\"text-align: center;\">Sof\u00eda Stutzin Vallejos<\/p><p dir=\"ltr\">\u00a0<\/p><p dir=\"ltr\" style=\"text-align: center;\"><strong>Ni\u00f1ez y adolescencia mapuche: situaci\u00f3n de sus derechos ante la presencia y violencia policial en La Araucan\u00eda <\/strong><\/p><p dir=\"ltr\" style=\"text-align: center;\">Emilia Rivas Lagos<\/p><p dir=\"ltr\" style=\"text-align: center;\">Antonia Rivas Palma (colaboradora) <br \/>Lorena Rivera Aravena (colaboradora)<br \/>V\u00edctor Valenzuela Carileo<\/p><p dir=\"ltr\" style=\"text-align: center;\">\u00a0<\/p><p dir=\"ltr\" style=\"text-align: center;\"><strong>De la representaci\u00f3n jur\u00eddica a la defensa especializada de ni\u00f1os, ni\u00f1as y adolescentes<\/strong><\/p><p dir=\"ltr\" style=\"text-align: center;\">Mar\u00eda Luisa Montenegro Torres<\/p><p dir=\"ltr\" style=\"text-align: center;\">Emilia Rivas Lagos<\/p><p dir=\"ltr\">\u00a0<\/p><p dir=\"ltr\" style=\"text-align: center;\"><strong>Estado de cumplimiento de los derechos de la ni\u00f1ez y adolescencia: un an\u00e1lisis desde la funci\u00f3n p\u00fablica<\/strong><\/p><p dir=\"ltr\" style=\"text-align: center;\">Gabriel Guzm\u00e1n Riquelme <br \/>V\u00edctor Osorno Iribarren<\/p><p dir=\"ltr\" style=\"text-align: center;\">Pablo Pizarro Z\u00fa\u00f1iga\u00a0<\/p>\t\t\t\t\t\t\t\t<\/div>\n\t\t\t\t<\/div>\n\t\t\t\t\t<\/div>\n\t\t<\/div>\n\t\t\t\t\t<\/div>\n\t\t<\/section>\n\t\t\t\t\t<\/div>\n\t\t<\/div>\n\t\t\t\t\t<\/div>\n\t\t<\/section>\n\t\t\t\t<section class=\"elementor-section elementor-top-section elementor-element elementor-element-08f13ee elementor-section-boxed elementor-section-height-default elementor-section-height-default\" data-id=\"08f13ee\" data-element_type=\"section\" data-e-type=\"section\" data-settings=\"{&quot;background_background&quot;:&quot;classic&quot;}\">\n\t\t\t\t\t\t<div class=\"elementor-container elementor-column-gap-default\">\n\t\t\t\t\t<div class=\"elementor-column elementor-col-100 elementor-top-column elementor-element elementor-element-beb7260\" data-id=\"beb7260\" data-element_type=\"column\" data-e-type=\"column\">\n\t\t\t<div class=\"elementor-widget-wrap elementor-element-populated\">\n\t\t\t\t\t\t<section class=\"elementor-section elementor-inner-section elementor-element elementor-element-aab17a3 elementor-section-boxed elementor-section-height-default elementor-section-height-default\" data-id=\"aab17a3\" data-element_type=\"section\" data-e-type=\"section\">\n\t\t\t\t\t\t<div class=\"elementor-container elementor-column-gap-default\">\n\t\t\t\t\t<div class=\"elementor-column elementor-col-50 elementor-inner-column elementor-element elementor-element-714560c\" data-id=\"714560c\" data-element_type=\"column\" data-e-type=\"column\">\n\t\t\t<div class=\"elementor-widget-wrap elementor-element-populated\">\n\t\t\t\t\t\t<div class=\"elementor-element elementor-element-fd782de elementor-widget elementor-widget-text-editor\" data-id=\"fd782de\" data-element_type=\"widget\" data-e-type=\"widget\" data-widget_type=\"text-editor.default\">\n\t\t\t\t<div class=\"elementor-widget-container\">\n\t\t\t\t\t\t\t\t\t<p dir=\"ltr\" style=\"text-align: center;\"><strong>Dise\u00f1o<\/strong><\/p><p dir=\"ltr\" style=\"text-align: center;\">Paola Femen\u00edas Ravanal <br \/>Fernanda Vargas Catal\u00e1n<\/p><p dir=\"ltr\" style=\"text-align: center;\">Francisca Vargas G\u00e9nova<\/p><p dir=\"ltr\">\u00a0<\/p><p dir=\"ltr\" style=\"text-align: center;\"><strong>Infograf\u00edas<\/strong><\/p><p dir=\"ltr\" style=\"text-align: center;\">Jorge Cort\u00e9s Gallo<\/p><p dir=\"ltr\">\u00a0<\/p><p dir=\"ltr\" style=\"text-align: center;\"><strong>Correcci\u00f3n de estilo<\/strong><\/p><p dir=\"ltr\" style=\"text-align: center;\">Osvaldo Mena Cartes<\/p>\t\t\t\t\t\t\t\t<\/div>\n\t\t\t\t<\/div>\n\t\t\t\t\t<\/div>\n\t\t<\/div>\n\t\t\t\t<div class=\"elementor-column elementor-col-50 elementor-inner-column elementor-element elementor-element-7ff3d14\" data-id=\"7ff3d14\" data-element_type=\"column\" data-e-type=\"column\">\n\t\t\t<div class=\"elementor-widget-wrap elementor-element-populated\">\n\t\t\t\t\t\t<div class=\"elementor-element elementor-element-6552086 elementor-widget elementor-widget-text-editor\" data-id=\"6552086\" data-element_type=\"widget\" data-e-type=\"widget\" data-widget_type=\"text-editor.default\">\n\t\t\t\t<div class=\"elementor-widget-container\">\n\t\t\t\t\t\t\t\t\t<p dir=\"ltr\" style=\"text-align: center;\"><strong>Fotograf\u00edas<\/strong><\/p><p class=\"p1\" style=\"text-align: center;\">Eric Allende Gonz\u00e1lez<\/p><p class=\"p1\" style=\"text-align: center;\">Diego Figueroa Gonz\u00e1lez<\/p><p class=\"p1\" style=\"text-align: center;\">Carlos Molina Barriga<br \/>Pablo Moraga Moraga<\/p><p class=\"p1\" style=\"text-align: center;\">Ibar Silva Canales<br \/>Jorge Vargas Parra<\/p><p dir=\"ltr\" style=\"text-align: center;\">\u00a0<\/p>\t\t\t\t\t\t\t\t<\/div>\n\t\t\t\t<\/div>\n\t\t\t\t\t<\/div>\n\t\t<\/div>\n\t\t\t\t\t<\/div>\n\t\t<\/section>\n\t\t\t\t\t<\/div>\n\t\t<\/div>\n\t\t\t\t\t<\/div>\n\t\t<\/section>\n\t\t\t\t<section class=\"elementor-section elementor-top-section elementor-element elementor-element-a3bcbec elementor-section-boxed elementor-section-height-default elementor-section-height-default\" data-id=\"a3bcbec\" data-element_type=\"section\" data-e-type=\"section\" data-settings=\"{&quot;background_background&quot;:&quot;classic&quot;}\">\n\t\t\t\t\t\t<div class=\"elementor-container elementor-column-gap-default\">\n\t\t\t\t\t<div class=\"elementor-column elementor-col-100 elementor-top-column elementor-element elementor-element-ebc2998\" data-id=\"ebc2998\" data-element_type=\"column\" data-e-type=\"column\">\n\t\t\t<div class=\"elementor-widget-wrap elementor-element-populated\">\n\t\t\t\t\t\t<section class=\"elementor-section elementor-inner-section elementor-element elementor-element-6c554e4 elementor-section-boxed elementor-section-height-default elementor-section-height-default\" data-id=\"6c554e4\" data-element_type=\"section\" data-e-type=\"section\">\n\t\t\t\t\t\t<div class=\"elementor-container elementor-column-gap-default\">\n\t\t\t\t\t<div class=\"elementor-column elementor-col-100 elementor-inner-column elementor-element elementor-element-47ad278\" data-id=\"47ad278\" data-element_type=\"column\" data-e-type=\"column\">\n\t\t\t<div class=\"elementor-widget-wrap elementor-element-populated\">\n\t\t\t\t\t\t<div class=\"elementor-element elementor-element-b7616f3 elementor-widget elementor-widget-text-editor\" data-id=\"b7616f3\" data-element_type=\"widget\" data-e-type=\"widget\" data-widget_type=\"text-editor.default\">\n\t\t\t\t<div class=\"elementor-widget-container\">\n\t\t\t\t\t\t\t\t\t<p dir=\"ltr\" style=\"text-align: center;\"><strong>Forma de citar:\u00a0<\/strong><\/p><p dir=\"ltr\" style=\"text-align: center;\">Defensor\u00eda de la Ni\u00f1ez. 2021. Informe Anual 2021. Derechos humanos de ni\u00f1os, ni\u00f1as y adolescentes en Chile.<\/p>\t\t\t\t\t\t\t\t<\/div>\n\t\t\t\t<\/div>\n\t\t\t\t<div class=\"elementor-element elementor-element-7d2450e elementor-widget elementor-widget-text-editor\" data-id=\"7d2450e\" data-element_type=\"widget\" data-e-type=\"widget\" data-widget_type=\"text-editor.default\">\n\t\t\t\t<div class=\"elementor-widget-container\">\n\t\t\t\t\t\t\t\t\t<p dir=\"ltr\" style=\"text-align: center;\"><span style=\"font-size: 10pt;\">Esta publicaci\u00f3n es de uso p\u00fablico y sus contenidos pueden ser reproducidos total o parcialmente.\u00a0 Los testimonios incorporados en este Informe Anual fueron construidos a partir de entrevistas. Tanto el relato como las im\u00e1genes cuentan con el asentimiento del titular del relato, as\u00ed como de su tutor(a), cuando corresponde. Dicha autorizaci\u00f3n firmada fue efectuada de manera exclusiva para la Defensor\u00eda de los Derechos de la Ni\u00f1ez. Cualquier uso del material audiovisual por parte de terceros podr\u00e1 ser sancionado por la legislaci\u00f3n vigente.\u00a0<\/span><\/p><p dir=\"ltr\" style=\"text-align: center;\"><span style=\"font-size: 10pt;\">Copyright \u00a9 todos los derechos reservados.<\/span><\/p>\t\t\t\t\t\t\t\t<\/div>\n\t\t\t\t<\/div>\n\t\t\t\t\t<\/div>\n\t\t<\/div>\n\t\t\t\t\t<\/div>\n\t\t<\/section>\n\t\t\t\t<div class=\"elementor-element elementor-element-084361c elementor-widget elementor-widget-html\" data-id=\"084361c\" data-element_type=\"widget\" data-e-type=\"widget\" data-widget_type=\"html.default\">\n\t\t\t\t<div class=\"elementor-widget-container\">\n\t\t\t\t\t<style>\n    p{\n        margin: 0;\n    }\n<\/style>\t\t\t\t<\/div>\n\t\t\t\t<\/div>\n\t\t\t\t\t<\/div>\n\t\t<\/div>\n\t\t\t\t\t<\/div>\n\t\t<\/section>\n\t\t\t\t<\/div>\n\t\t","protected":false},"excerpt":{"rendered":"<p>Cr\u00e9ditos INFORME ANUAL 2021 DERECHOS HUMANOS DE NI\u00d1OS, NI\u00d1AS Y ADOLESCENTES EN CHILE DEFENSOR\u00cdA DE LOS DERECHOS DE LA NI\u00d1EZ \u00a0 Defensora de la Ni\u00f1ez Patricia Mu\u00f1oz Garc\u00eda \u00a0 Coordinaci\u00f3n y edici\u00f3n general\u00a0 Victoria Becerra Osses \u00a0 Edici\u00f3n de contenidos\u00a0 Claudia Farf\u00e1n Escobar Pamela Mel\u00e9ndez Madariaga Equipo de redacci\u00f3n de la Defensor\u00eda de la Ni\u00f1ez [&hellip;]<\/p>\n","protected":false},"author":1,"featured_media":0,"parent":0,"menu_order":0,"comment_status":"closed","ping_status":"closed","template":"","meta":{"_acf_changed":false,"inline_featured_image":false,"footnotes":""},"class_list":["post-903","page","type-page","status-publish","hentry"],"acf":[],"_links":{"self":[{"href":"https:\/\/www.defensorianinez.cl\/informe-anual-2021\/wp-json\/wp\/v2\/pages\/903","targetHints":{"allow":["GET"]}}],"collection":[{"href":"https:\/\/www.defensorianinez.cl\/informe-anual-2021\/wp-json\/wp\/v2\/pages"}],"about":[{"href":"https:\/\/www.defensorianinez.cl\/informe-anual-2021\/wp-json\/wp\/v2\/types\/page"}],"author":[{"embeddable":true,"href":"https:\/\/www.defensorianinez.cl\/informe-anual-2021\/wp-json\/wp\/v2\/users\/1"}],"replies":[{"embeddable":true,"href":"https:\/\/www.defensorianinez.cl\/informe-anual-2021\/wp-json\/wp\/v2\/comments?post=903"}],"version-history":[{"count":28,"href":"https:\/\/www.defensorianinez.cl\/informe-anual-2021\/wp-json\/wp\/v2\/pages\/903\/revisions"}],"predecessor-version":[{"id":1841,"href":"https:\/\/www.defensorianinez.cl\/informe-anual-2021\/wp-json\/wp\/v2\/pages\/903\/revisions\/1841"}],"wp:attachment":[{"href":"https:\/\/www.defensorianinez.cl\/informe-anual-2021\/wp-json\/wp\/v2\/media?parent=903"}],"curies":[{"name":"wp","href":"https:\/\/api.w.org\/{rel}","templated":true}]}}